{"id":384,"date":"2024-02-19T10:36:01","date_gmt":"2024-02-19T13:36:01","guid":{"rendered":"https:\/\/homilyai.com\/br\/?page_id=384"},"modified":"2026-08-19T16:27:26","modified_gmt":"2026-08-19T19:27:26","slug":"inicial","status":"publish","type":"page","link":"https:\/\/homilyai.com\/br\/","title":{"rendered":"HomilyAI"},"content":{"rendered":"\n<div class=\"wp-block-uagb-container uagb-block-0064ae79 alignfull uagb-is-root-container\"><div class=\"uagb-container-inner-blocks-wrap\">\n<div class=\"wp-block-group has-link-color wp-elements-1 is-layout-flow wp-block-group-is-layout-flow\" style=\"padding-top:1.49em;padding-right:0em;padding-bottom:1.49em;padding-left:0em\">\n<h3 class=\"wp-block-heading has-ast-global-color-1-color has-text-color has-link-color wp-elements-2\" style=\"font-size:45px;font-weight:700;line-height:1.15\">Aqui o estudo da Palavra de Deus encontra o recurso da intelig\u00eancia artificial<\/h3>\n\n\n\n<p class=\"has-ast-global-color-6-color has-text-color has-link-color wp-elements-3 wp-block-paragraph\" style=\"font-size:15px\">Entendemos a profunda import\u00e2ncia de transmitir mensagens que ressoem com profundidade e significado. \u00c9 por isso que criamos uma plataforma onde a arte da cria\u00e7\u00e3o de aulas e mensagens b\u00edblicas encontra o poder da tecnologia.<\/p>\n\n\n\n<div class=\"wp-block-buttons alignfull is-content-justification-left is-layout-flex wp-container-core-buttons-is-layout-ab4b220d wp-block-buttons-is-layout-flex\" style=\"margin-top:var(--wp--preset--spacing--50);margin-bottom:var(--wp--preset--spacing--50)\">\n<div class=\"wp-block-button is-style-outline is-style-outline--1\"><a class=\"wp-block-button__link has-ast-global-color-6-color has-ast-global-color-0-background-color has-text-color has-background has-link-color has-medium-font-size has-custom-font-size wp-element-button\" href=\"https:\/\/homilyai.com\/br\/#plan\" style=\"border-radius:100px;padding-top:var(--wp--preset--spacing--30);padding-right:var(--wp--preset--spacing--60);padding-bottom:var(--wp--preset--spacing--30);padding-left:var(--wp--preset--spacing--60)\">Conhe\u00e7a os planos!<\/a><\/div>\n<\/div>\n<\/div>\n<\/div><\/div>\n\n\n\n<div class=\"wp-block-cover alignfull\" style=\"padding-top:62px;padding-bottom:62px\" id=\"assistentes\"><span aria-hidden=\"true\" class=\"wp-block-cover__background has-ast-global-color-0-background-color has-background-dim-100 has-background-dim\"><\/span><div class=\"wp-block-cover__inner-container is-layout-constrained wp-container-core-cover-is-layout-bac4c95a wp-block-cover-is-layout-constrained\">\n<h1 class=\"wp-block-heading has-text-align-center has-ast-global-color-5-color has-text-color has-link-color wp-elements-4\" id=\"how\"><strong><strong><strong>O que est\u00e1 incluso:<\/strong><\/strong><\/strong><\/h1>\n\n\n\n<p class=\"has-text-align-center wp-block-paragraph\">Conhe\u00e7a os assistentes especializados<\/p>\n\n\n\n<div class=\"wp-block-columns is-layout-flex wp-container-core-columns-is-layout-04777876 wp-block-columns-is-layout-flex\" style=\"padding-right:23px;padding-left:23px\">\n<div class=\"wp-block-column is-layout-flow wp-block-column-is-layout-flow\">\n<h3 class=\"wp-block-heading has-ast-global-color-5-color has-text-color has-link-color wp-elements-5\"><strong><strong>Arquiteto de S\u00e9ries<\/strong><\/strong><\/h3>\n\n\n\n<p class=\"has-ast-global-color-2-color has-text-color has-link-color wp-elements-6 wp-block-paragraph\">Este assistente \u00e9 seu parceiro na cria\u00e7\u00e3o e organiza\u00e7\u00e3o de s\u00e9ries de mensagens impactantes. Seja para explorar um livro espec\u00edfico da B\u00edblia ou planejar uma s\u00e9rie tem\u00e1tica, nossa IA oferece \u00edndices e ideias de conte\u00fado para enriquecer suas s\u00e9ries. <strong><a href=\"#plan\">Escolha seu plano!<\/a><\/strong><\/p>\n<\/div>\n\n\n\n<div class=\"wp-block-column is-layout-flow wp-block-column-is-layout-flow\">\n<h3 class=\"wp-block-heading has-white-color has-text-color has-link-color wp-elements-7\"><strong><strong>Tutor de Mensagens<\/strong><\/strong><\/h3>\n\n\n\n<p class=\"has-ast-global-color-2-color has-text-color has-link-color wp-elements-8 wp-block-paragraph\">Este assistente \u00e9 especializado em estudos b\u00edblicos e prepara\u00e7\u00e3o de serm\u00f5es. Seja para uma an\u00e1lise profunda de um texto b\u00edblico ou um tema espec\u00edfico de ensino da Palavra, nossa IA est\u00e1 aqui para fornecer insights e inspira\u00e7\u00e3o para os seus esbo\u00e7os. <br><a href=\"#plan\"><strong>Escolha seu plano!<\/strong><\/a><\/p>\n<\/div>\n\n\n\n<div class=\"wp-block-column is-layout-flow wp-block-column-is-layout-flow\">\n<h3 class=\"wp-block-heading has-ast-global-color-5-color has-text-color has-link-color wp-elements-9\">Exegeta B\u00edblico<\/h3>\n\n\n\n<p class=\"has-ast-global-color-2-color has-text-color has-link-color wp-elements-10 wp-block-paragraph\">Este assistente \u00e9 seu parceiro no trabalho de exegese de textos b\u00edblicos para o aprofundamento e aprimoramento de suas prega\u00e7\u00f5es e aulas. Ele foi treinado para te orientar em um processo de interpreta\u00e7\u00e3o em dez passos que voc\u00ea pode escolher. <strong><a href=\"#plan\">Escolha seu plano!<\/a><\/strong><\/p>\n<\/div>\n<\/div>\n<\/div><\/div>\n\n\n\n<div class=\"wp-block-cover alignfull\" style=\"padding-top:82px;padding-bottom:82px\"><span aria-hidden=\"true\" class=\"wp-block-cover__background has-background-dim-100 has-background-dim has-background-gradient\" style=\"background:linear-gradient(100deg,rgb(1,18,20) 0%,rgb(4,85,96) 52%,rgb(255,57,46) 93%)\"><\/span><div class=\"wp-block-cover__inner-container is-layout-constrained wp-container-core-cover-is-layout-602c4341 wp-block-cover-is-layout-constrained\">\n<h1 class=\"wp-block-heading has-text-align-center\" id=\"why\"><strong><strong>Por que usar?<\/strong><\/strong><\/h1>\n\n\n\n<div style=\"height:10px\" aria-hidden=\"true\" class=\"wp-block-spacer\"><\/div>\n\n\n\n<div class=\"wp-block-columns is-layout-flex wp-container-core-columns-is-layout-7387b849 wp-block-columns-is-layout-flex\">\n<div class=\"wp-block-column is-layout-flow wp-block-column-is-layout-flow\">\n<div class=\"wp-block-cover\" style=\"border-radius:10px;min-height:103px;aspect-ratio:unset;\"><span aria-hidden=\"true\" class=\"wp-block-cover__background has-ast-global-color-4-background-color has-background-dim-100 has-background-dim\"><\/span><div class=\"wp-block-cover__inner-container is-layout-constrained wp-container-core-cover-is-layout-7c846e87 wp-block-cover-is-layout-constrained\">\n<figure class=\"wp-block-image size-full is-resized\"><img loading=\"lazy\" decoding=\"async\" width=\"500\" height=\"500\" src=\"https:\/\/homilyai.com\/wp-content\/uploads\/2023\/12\/lampada-acesa-1.png\" alt=\"\" class=\"wp-image-266\" style=\"width:40px\" srcset=\"https:\/\/homilyai.com\/br\/wp-content\/uploads\/2023\/12\/lampada-acesa-1.png 500w, https:\/\/homilyai.com\/br\/wp-content\/uploads\/2023\/12\/lampada-acesa-1-300x300.png 300w, https:\/\/homilyai.com\/br\/wp-content\/uploads\/2023\/12\/lampada-acesa-1-150x150.png 150w\" sizes=\"auto, (max-width: 500px) 100vw, 500px\" \/><\/figure>\n\n\n\n<div style=\"height:8px\" aria-hidden=\"true\" class=\"wp-block-spacer\"><\/div>\n\n\n\n<h3 class=\"wp-block-heading alignfull\"><strong>Inspira\u00e7\u00e3o f\u00e1cil<\/strong><\/h3>\n\n\n\n<p class=\"wp-block-paragraph\">Nossa plataforma combina perfeitamente seus insights teol\u00f3gicos com a facilidade da IA, fornecendo uma riqueza de inspira\u00e7\u00e3o ao seu alcance.<\/p>\n<\/div><\/div>\n<\/div>\n\n\n\n<div class=\"wp-block-column is-layout-flow wp-block-column-is-layout-flow\">\n<div class=\"wp-block-cover\" style=\"border-radius:10px;min-height:103px;aspect-ratio:unset;\"><span aria-hidden=\"true\" class=\"wp-block-cover__background has-ast-global-color-4-background-color has-background-dim-100 has-background-dim\"><\/span><div class=\"wp-block-cover__inner-container is-layout-constrained wp-container-core-cover-is-layout-7c846e87 wp-block-cover-is-layout-constrained\">\n<figure class=\"wp-block-image size-full is-resized\"><img loading=\"lazy\" decoding=\"async\" width=\"500\" height=\"500\" src=\"https:\/\/homilyai.com\/wp-content\/uploads\/2023\/12\/do-utilizador.png\" alt=\"\" class=\"wp-image-272\" style=\"width:40px\" srcset=\"https:\/\/homilyai.com\/br\/wp-content\/uploads\/2023\/12\/do-utilizador.png 500w, https:\/\/homilyai.com\/br\/wp-content\/uploads\/2023\/12\/do-utilizador-300x300.png 300w, https:\/\/homilyai.com\/br\/wp-content\/uploads\/2023\/12\/do-utilizador-150x150.png 150w\" sizes=\"auto, (max-width: 500px) 100vw, 500px\" \/><\/figure>\n\n\n\n<div style=\"height:8px\" aria-hidden=\"true\" class=\"wp-block-spacer\"><\/div>\n\n\n\n<h3 class=\"wp-block-heading alignfull\"><strong>Excel\u00eancia exeg\u00e9tica<\/strong><\/h3>\n\n\n\n<p class=\"wp-block-paragraph\">Aproveite nossos recursos para mergulhar em profundidade, explorando textos originais, nuances e tradu\u00e7\u00f5es para aumentar a riqueza de seus estudos.<\/p>\n<\/div><\/div>\n<\/div>\n\n\n\n<div class=\"wp-block-column is-layout-flow wp-block-column-is-layout-flow\">\n<div class=\"wp-block-cover\" style=\"border-radius:10px;min-height:103px;aspect-ratio:unset;\"><span aria-hidden=\"true\" class=\"wp-block-cover__background has-ast-global-color-4-background-color has-background-dim-100 has-background-dim\"><\/span><div class=\"wp-block-cover__inner-container is-layout-constrained wp-container-core-cover-is-layout-7c846e87 wp-block-cover-is-layout-constrained\">\n<figure class=\"wp-block-image size-full is-resized\"><img loading=\"lazy\" decoding=\"async\" width=\"500\" height=\"500\" src=\"https:\/\/homilyai.com\/wp-content\/uploads\/2023\/12\/livro-1.png\" alt=\"\" class=\"wp-image-281\" style=\"width:40px\" srcset=\"https:\/\/homilyai.com\/br\/wp-content\/uploads\/2023\/12\/livro-1.png 500w, https:\/\/homilyai.com\/br\/wp-content\/uploads\/2023\/12\/livro-1-300x300.png 300w, https:\/\/homilyai.com\/br\/wp-content\/uploads\/2023\/12\/livro-1-150x150.png 150w\" sizes=\"auto, (max-width: 500px) 100vw, 500px\" \/><\/figure>\n\n\n\n<div style=\"height:8px\" aria-hidden=\"true\" class=\"wp-block-spacer\"><\/div>\n\n\n\n<h3 class=\"wp-block-heading alignfull\"><strong>Sua Teologia<\/strong><\/h3>\n\n\n\n<p class=\"wp-block-paragraph\">Tanto faz se voc\u00ea segue a teologia calvinista, arminiana ou qualquer outra, nossa ferramenta se adapta \u00e0 sua teologia sistem\u00e1tica.<\/p>\n<\/div><\/div>\n<\/div>\n<\/div>\n<\/div><\/div>\n\n\n\n<div style=\"height:69px\" aria-hidden=\"true\" class=\"wp-block-spacer\"><\/div>\n\n\n\n<h1 class=\"wp-block-heading has-text-align-center has-ast-global-color-1-color has-text-color has-link-color wp-elements-11\" id=\"video\"><strong><strong><strong><strong>Preparando uma prega\u00e7\u00e3o em Romanos<\/strong><\/strong><\/strong><\/strong><\/h1>\n\n\n\n<figure class=\"wp-block-embed is-type-video is-provider-youtube wp-block-embed-youtube wp-embed-aspect-16-9 wp-has-aspect-ratio\" style=\"margin-top:var(--wp--preset--spacing--20);margin-right:0;margin-bottom:var(--wp--preset--spacing--20);margin-left:0\"><div class=\"wp-block-embed__wrapper\">\n<iframe loading=\"lazy\" title=\"IA na Igreja? Preparando uma prega\u00e7\u00e3o em Romanos com a plataforma HomilyAI\" width=\"500\" height=\"281\" src=\"https:\/\/www.youtube.com\/embed\/3NOo2J_GYDk?feature=oembed\" frameborder=\"0\" allow=\"accelerometer; autoplay; clipboard-write; encrypted-media; gyroscope; picture-in-picture; web-share\" referrerpolicy=\"strict-origin-when-cross-origin\" allowfullscreen><\/iframe>\n<\/div><\/figure>\n\n\n\n<div class=\"wp-block-group is-layout-constrained wp-block-group-is-layout-constrained\">\n<h1 class=\"wp-block-heading has-text-align-center has-ast-global-color-6-color has-text-color has-link-color wp-elements-12\" id=\"plan\"><strong><strong><strong><strong>Escolha seu plano<\/strong><\/strong><\/strong><\/strong><\/h1>\n\n\n\n<p class=\"has-text-align-center has-ast-global-color-6-color has-text-color has-link-color wp-elements-13 wp-block-paragraph\"><strong><strong><strong><strong>Planos recorrentes, com pagamento mensal:<\/strong><\/strong><\/strong><\/strong><\/p>\n\n\n\n<div class=\"wp-block-columns alignwide is-layout-flex wp-container-core-columns-is-layout-16cef306 wp-block-columns-is-layout-flex\" style=\"margin-bottom:0\">\n<div class=\"wp-block-column has-ast-global-color-4-background-color has-text-color has-background has-link-color wp-elements-14 is-layout-flow wp-container-core-column-is-layout-b6384282 wp-block-column-is-layout-flow\" style=\"color:#000000;padding-top:2em;padding-right:2em;padding-bottom:2em;padding-left:2em\">\n<h3 id=\"family\" class=\"wp-block-heading has-ast-global-color-5-color has-text-color has-link-color wp-elements-15\" style=\"font-size:35px\">Plano <strong>B\u00e1sico<\/strong><\/h3>\n\n\n\n<hr class=\"wp-block-separator has-text-color has-ast-global-color-2-color has-alpha-channel-opacity has-ast-global-color-2-background-color has-background is-style-wide\"\/>\n\n\n\n<p class=\"has-ast-global-color-5-color has-text-color has-link-color has-normal-font-size wp-elements-16 wp-block-paragraph\">Para quem deseja preparar mensagens b\u00edblicas com mais clareza, organiza\u00e7\u00e3o e profundidade, contando com a IA como parceira no desenvolvimento do serm\u00e3o.<br><strong><em>>>Primeiro m\u00eas por R$ 21,00 para voc\u00ea testar! Depois disso:<\/em><\/strong><\/p>\n\n\n\n<div class=\"wp-block-buttons alignfull has-custom-font-size has-small-font-size is-horizontal is-content-justification-left is-layout-flex wp-container-core-buttons-is-layout-1acdec98 wp-block-buttons-is-layout-flex\" style=\"margin-top:var(--wp--preset--spacing--30);margin-bottom:var(--wp--preset--spacing--30)\">\n<div class=\"wp-block-button is-style-fill\"><a class=\"wp-block-button__link has-white-color has-ast-global-color-0-background-color has-text-color has-background has-medium-font-size has-custom-font-size wp-element-button\" href=\"https:\/\/homilyai.com\/br\/membership-account\/membership-checkout\/?level=10\" style=\"border-radius:100px;padding-top:var(--wp--preset--spacing--40);padding-right:var(--wp--preset--spacing--60);padding-bottom:var(--wp--preset--spacing--40);padding-left:var(--wp--preset--spacing--60)\">R$37,00 \/ m\u00eas<\/a><\/div>\n<\/div>\n<\/div>\n\n\n\n<div class=\"wp-block-column has-ast-global-color-1-background-color has-text-color has-background has-link-color wp-elements-17 is-layout-flow wp-container-core-column-is-layout-b6384282 wp-block-column-is-layout-flow\" style=\"color:#000000;padding-top:2em;padding-right:2em;padding-bottom:2em;padding-left:2em\">\n<h3 id=\"patron\" class=\"wp-block-heading has-ast-global-color-2-color has-text-color has-link-color wp-elements-18\" style=\"font-size:35px\">Plano <strong>Avan\u00e7ado<\/strong><\/h3>\n\n\n\n<hr class=\"wp-block-separator has-text-color has-ast-global-color-2-color has-alpha-channel-opacity has-ast-global-color-2-background-color has-background is-style-wide\"\/>\n\n\n\n<p class=\"has-ast-global-color-2-color has-text-color has-link-color has-normal-font-size wp-elements-19 wp-block-paragraph\">Para quem quer ir al\u00e9m da prepara\u00e7\u00e3o da mensagem, aprofundando a exegese b\u00edblica e planejando s\u00e9ries com mais consist\u00eancia teol\u00f3gica e vis\u00e3o ministerial.<br><strong><em>>>Primeiro m\u00eas por R$ 35,00 para voc\u00ea testar! <\/em><\/strong>Depois disso:<\/p>\n\n\n\n<div class=\"wp-block-buttons alignfull has-custom-font-size has-small-font-size is-horizontal is-content-justification-left is-layout-flex wp-container-core-buttons-is-layout-1f30cbf7 wp-block-buttons-is-layout-flex\" style=\"margin-top:var(--wp--preset--spacing--30);margin-bottom:var(--wp--preset--spacing--30)\">\n<div class=\"wp-block-button\"><a class=\"wp-block-button__link has-ast-global-color-5-color has-ast-global-color-0-background-color has-text-color has-background has-medium-font-size has-custom-font-size wp-element-button\" href=\"https:\/\/homilyai.com\/br\/membership-account\/membership-checkout\/?level=5\" style=\"border-radius:100px;padding-top:var(--wp--preset--spacing--40);padding-right:var(--wp--preset--spacing--60);padding-bottom:var(--wp--preset--spacing--40);padding-left:var(--wp--preset--spacing--60)\">R$75,00 \/ m\u00eas<\/a><\/div>\n<\/div>\n<\/div>\n<\/div>\n<\/div>\n\n\n\n<div class=\"wp-block-cover alignfull\" style=\"padding-top:82px;padding-bottom:82px\"><span aria-hidden=\"true\" class=\"wp-block-cover__background has-background-dim-100 has-background-dim has-background-gradient\" style=\"background:linear-gradient(100deg,rgb(1,18,20) 0%,rgb(4,85,96) 52%,rgb(255,57,46) 93%)\"><\/span><div class=\"wp-block-cover__inner-container is-layout-constrained wp-container-core-cover-is-layout-602c4341 wp-block-cover-is-layout-constrained\">\n<h1 class=\"wp-block-heading has-text-align-center\" id=\"why\"><strong><strong>Conselheiro Pastoral<\/strong><\/strong><\/h1>\n\n\n\n<div style=\"height:10px\" aria-hidden=\"true\" class=\"wp-block-spacer\"><\/div>\n\n\n\n<div class=\"wp-block-columns is-layout-flex wp-container-core-columns-is-layout-7387b849 wp-block-columns-is-layout-flex\">\n<div class=\"wp-block-column is-layout-flow wp-block-column-is-layout-flow\">\n<div class=\"wp-block-cover\" style=\"border-radius:10px;min-height:103px;aspect-ratio:unset;\"><span aria-hidden=\"true\" class=\"wp-block-cover__background has-ast-global-color-4-background-color has-background-dim-100 has-background-dim\"><\/span><div class=\"wp-block-cover__inner-container is-layout-constrained wp-container-core-cover-is-layout-7c846e87 wp-block-cover-is-layout-constrained\">\n<p class=\"wp-block-paragraph\">Al\u00e9m dos assistentes de estudo,  desenvolvemos o Conselheiro Pastoral para oferecer aconselhamento baseado nas Escrituras e orienta\u00e7\u00e3o espiritual em seu minist\u00e9rio. Usando intelig\u00eancia artificial treinada em textos b\u00edblicos e princ\u00edpios crist\u00e3os, ele oferece suporte de maneira acess\u00edvel e pr\u00e1tica, trazendo discernimento para seu trabalho pastoral.<\/p>\n\n\n\n<div class=\"wp-block-uagb-buttons uagb-buttons__outer-wrap uagb-btn__default-btn uagb-btn-tablet__default-btn uagb-btn-mobile__default-btn uagb-block-5fee41be\"><div class=\"uagb-buttons__wrap uagb-buttons-layout-wrap \">\n<div class=\"wp-block-uagb-buttons-child uagb-buttons__outer-wrap uagb-block-2a5e52cf wp-block-button\"><div class=\"uagb-button__wrapper\"><a class=\"uagb-buttons-repeater wp-block-button__link\" aria-label=\"\" href=\"https:\/\/homilyai.com\/br\/#plan\" rel=\"follow noopener\" target=\"_self\" role=\"button\"><div class=\"uagb-button__link\">Conhe\u00e7a os planos<\/div><\/a><\/div><\/div>\n<\/div><\/div>\n<\/div><\/div>\n<\/div>\n<\/div>\n<\/div><\/div>\n\n\n\n<div style=\"height:102px\" aria-hidden=\"true\" class=\"wp-block-spacer\"><\/div>\n\n\n\n<h2 class=\"wp-block-heading has-text-align-center has-ast-global-color-6-color has-text-color has-link-color wp-elements-20\" id=\"plan\"><strong><strong><strong><strong>Leia alguns esbo\u00e7os<\/strong><\/strong><\/strong><\/strong><\/h2>\n\n\n\n\t\t\t<div class=\"wp-block-uagb-post-carousel uagb-post-grid  uagb-post__image-position-top uagb-post__image-enabled uagb-block-87ccd8ce     uagb-post__arrow-outside uagb-slick-carousel uagb-post__items uagb-post__columns-3 is-carousel uagb-post__columns-tablet-2 uagb-post__columns-mobile-1\" data-total=\"4\" style=\"\">\n\n\t\t\t\t\t\t\t\t\t\t\t\t<article class=\"uagb-post__inner-wrap\">\t\t\t\t\t\t\t\t<h4 class=\"uagb-post__title uagb-post__text\">\n\t\t\t\t<a href=\"https:\/\/homilyai.com\/br\/2026\/08\/04\/esboco-de-sermao-expositivo-a-providencia-de-deus-no-caos-da-incerteza-salmo-46\/\" target=\"_self\" rel=\"bookmark noopener noreferrer\">Esbo\u00e7o de Serm\u00e3o: A Provid\u00eancia de Deus no Caos da Incerteza (Salmo 46)<\/a>\n\t\t\t<\/h4>\n\t\t\t\t\t\t<div class='uagb-post__text uagb-post-grid-byline'>\n\t\t\t\t\t\t\t<\/div>\n\t\t\t\t\t\t\t<div class='uagb-post__text uagb-post__excerpt'>\n\t\t\t\t\tUm esbo\u00e7o de serm\u00e3o expositivo baseado no Salmo 46, focado na soberania de Deus como&#8230;\t\t\t\t<\/div>\n\t\t\t\t\t\t<div class=\"uagb-post__text uagb-post__cta wp-block-button\">\n\t\t\t\t<a class=\"wp-block-button__link uagb-text-link\" style=\"\" href=\"https:\/\/homilyai.com\/br\/2026\/08\/04\/esboco-de-sermao-expositivo-a-providencia-de-deus-no-caos-da-incerteza-salmo-46\/\" target=\"_self\" rel=\"bookmark noopener noreferrer\">LER MAIS<\/a>\n\t\t\t<\/div>\n\t\t\t\n\t\t\t\t\t\t\t\t\t<\/article>\n\t\t\t\t\t\t\t\t\t\t\t\t\t\t\t\t<article class=\"uagb-post__inner-wrap\">\t\t\t\t\t\t\t\t<h4 class=\"uagb-post__title uagb-post__text\">\n\t\t\t\t<a href=\"https:\/\/homilyai.com\/br\/2026\/07\/21\/esboco-de-sermao-o-templo-do-espirito-e-o-cuidado-com-a-saude\/\" target=\"_self\" rel=\"bookmark noopener noreferrer\">Esbo\u00e7o de Serm\u00e3o: O Templo do Esp\u00edrito e o Cuidado com a Sa\u00fade &#8211; 1 Cor\u00edntios 6:19-20<\/a>\n\t\t\t<\/h4>\n\t\t\t\t\t\t<div class='uagb-post__text uagb-post-grid-byline'>\n\t\t\t\t\t\t\t<\/div>\n\t\t\t\t\t\t\t<div class='uagb-post__text uagb-post__excerpt'>\n\t\t\t\t\tUm esbo\u00e7o de serm\u00e3o expositivo sobre 1 Cor\u00edntios 6:19-20, abordando a mordomia do corpo sob&#8230;\t\t\t\t<\/div>\n\t\t\t\t\t\t<div class=\"uagb-post__text uagb-post__cta wp-block-button\">\n\t\t\t\t<a class=\"wp-block-button__link uagb-text-link\" style=\"\" href=\"https:\/\/homilyai.com\/br\/2026\/07\/21\/esboco-de-sermao-o-templo-do-espirito-e-o-cuidado-com-a-saude\/\" target=\"_self\" rel=\"bookmark noopener noreferrer\">LER MAIS<\/a>\n\t\t\t<\/div>\n\t\t\t\n\t\t\t\t\t\t\t\t\t<\/article>\n\t\t\t\t\t\t\t\t\t\t\t\t\t\t\t\t<article class=\"uagb-post__inner-wrap\">\t\t\t\t\t\t\t\t<h4 class=\"uagb-post__title uagb-post__text\">\n\t\t\t\t<a href=\"https:\/\/homilyai.com\/br\/2026\/07\/15\/esboco-de-sermao-expositivo-o-descanso-na-soberania-de-deus-mateus-1128-30\/\" target=\"_self\" rel=\"bookmark noopener noreferrer\">Esbo\u00e7o de Serm\u00e3o: O Descanso na Soberania de Deus (Mateus 11:28-30)<\/a>\n\t\t\t<\/h4>\n\t\t\t\t\t\t<div class='uagb-post__text uagb-post-grid-byline'>\n\t\t\t\t\t\t\t<\/div>\n\t\t\t\t\t\t\t<div class='uagb-post__text uagb-post__excerpt'>\n\t\t\t\t\tUm esbo\u00e7o de prega\u00e7\u00e3o expositiva sobre o convite de Jesus ao descanso, confrontando o ativismo&#8230;\t\t\t\t<\/div>\n\t\t\t\t\t\t<div class=\"uagb-post__text uagb-post__cta wp-block-button\">\n\t\t\t\t<a class=\"wp-block-button__link uagb-text-link\" style=\"\" href=\"https:\/\/homilyai.com\/br\/2026\/07\/15\/esboco-de-sermao-expositivo-o-descanso-na-soberania-de-deus-mateus-1128-30\/\" target=\"_self\" rel=\"bookmark noopener noreferrer\">LER MAIS<\/a>\n\t\t\t<\/div>\n\t\t\t\n\t\t\t\t\t\t\t\t\t<\/article>\n\t\t\t\t\t\t\t\t\t\t\t\t\t\t\t\t<article class=\"uagb-post__inner-wrap\">\t\t\t\t\t\t\t\t<h4 class=\"uagb-post__title uagb-post__text\">\n\t\t\t\t<a href=\"https:\/\/homilyai.com\/br\/2026\/07\/11\/esboco-de-sermao-expositivo-a-suficiencia-de-cristo-no-sofrimento-2-corintios-129-10\/\" target=\"_self\" rel=\"bookmark noopener noreferrer\">Esbo\u00e7o de Serm\u00e3o Expositivo: A Sufici\u00eancia de Cristo no Sofrimento (2 Cor\u00edntios 12:9-10)<\/a>\n\t\t\t<\/h4>\n\t\t\t\t\t\t<div class='uagb-post__text uagb-post-grid-byline'>\n\t\t\t\t\t\t\t<\/div>\n\t\t\t\t\t\t\t<div class='uagb-post__text uagb-post__excerpt'>\n\t\t\t\t\tUm esbo\u00e7o de serm\u00e3o expositivo baseado em 2 Cor\u00edntios 12:9-10, explorando a teologia da gra\u00e7a&#8230;\t\t\t\t<\/div>\n\t\t\t\t\t\t<div class=\"uagb-post__text uagb-post__cta wp-block-button\">\n\t\t\t\t<a class=\"wp-block-button__link uagb-text-link\" style=\"\" href=\"https:\/\/homilyai.com\/br\/2026\/07\/11\/esboco-de-sermao-expositivo-a-suficiencia-de-cristo-no-sofrimento-2-corintios-129-10\/\" target=\"_self\" rel=\"bookmark noopener noreferrer\">LER MAIS<\/a>\n\t\t\t<\/div>\n\t\t\t\n\t\t\t\t\t\t\t\t\t<\/article>\n\t\t\t\t\t\t\t\t\t\t\t\t\t\t\t\t<article class=\"uagb-post__inner-wrap\">\t\t\t\t\t\t\t\t<h4 class=\"uagb-post__title uagb-post__text\">\n\t\t\t\t<a href=\"https:\/\/homilyai.com\/br\/2026\/07\/02\/bendize-o-minha-alma-saude-e-bem-estar-a-luz-do-salmo-1031-5\/\" target=\"_self\" rel=\"bookmark noopener noreferrer\">Bendize, \u00f3 minha alma: Sa\u00fade e Bem-Estar \u00e0 Luz do Salmo 103.1-5<\/a>\n\t\t\t<\/h4>\n\t\t\t\t\t\t<div class='uagb-post__text uagb-post-grid-byline'>\n\t\t\t\t\t\t\t<\/div>\n\t\t\t\t\t\t\t<div class='uagb-post__text uagb-post__excerpt'>\n\t\t\t\t\tEsbo\u00e7o de serm\u00e3o expositivo sobre sa\u00fade e bem-estar a partir do Salmo 103.1-5, destacando a&#8230;\t\t\t\t<\/div>\n\t\t\t\t\t\t<div class=\"uagb-post__text uagb-post__cta wp-block-button\">\n\t\t\t\t<a class=\"wp-block-button__link uagb-text-link\" style=\"\" href=\"https:\/\/homilyai.com\/br\/2026\/07\/02\/bendize-o-minha-alma-saude-e-bem-estar-a-luz-do-salmo-1031-5\/\" target=\"_self\" rel=\"bookmark noopener noreferrer\">LER MAIS<\/a>\n\t\t\t<\/div>\n\t\t\t\n\t\t\t\t\t\t\t\t\t<\/article>\n\t\t\t\t\t\t\t\t\t\t\t\t\t\t\t\t<article class=\"uagb-post__inner-wrap\">\t\t\t\t\t\t\t\t<h4 class=\"uagb-post__title uagb-post__text\">\n\t\t\t\t<a href=\"https:\/\/homilyai.com\/br\/2026\/05\/19\/esboco-de-sermao-salmo-23-o-senhor-e-meu-pastor\/\" target=\"_self\" rel=\"bookmark noopener noreferrer\">Esbo\u00e7o de Serm\u00e3o: Salmo 23 \u2013 O Senhor \u00e9 meu Pastor<\/a>\n\t\t\t<\/h4>\n\t\t\t\t\t\t<div class='uagb-post__text uagb-post-grid-byline'>\n\t\t\t\t\t\t\t<\/div>\n\t\t\t\t\t\t\t<div class='uagb-post__text uagb-post__excerpt'>\n\t\t\t\t\tUm esbo\u00e7o expositivo reformado do Salmo 23, centrado na sufici\u00eancia de Cristo como Pastor. Quatro&#8230;\t\t\t\t<\/div>\n\t\t\t\t\t\t<div class=\"uagb-post__text uagb-post__cta wp-block-button\">\n\t\t\t\t<a class=\"wp-block-button__link uagb-text-link\" style=\"\" href=\"https:\/\/homilyai.com\/br\/2026\/05\/19\/esboco-de-sermao-salmo-23-o-senhor-e-meu-pastor\/\" target=\"_self\" rel=\"bookmark noopener noreferrer\">LER MAIS<\/a>\n\t\t\t<\/div>\n\t\t\t\n\t\t\t\t\t\t\t\t\t<\/article>\n\t\t\t\t\t\t\t\t\t\t\t<\/div>\n\t\t\t\n\n\n<div class=\"wp-block-uagb-container uagb-block-311a8432 alignfull uagb-is-root-container\"><div class=\"uagb-container-inner-blocks-wrap\">\n<h6 class=\"wp-block-heading has-text-align-center has-ast-global-color-5-color has-text-color has-link-color has-medium-font-size wp-elements-21\"><em>&#8220;Porque, quando prego o evangelho, n\u00e3o posso me vangloriar, pois sou compelido a pregar.<\/em> <em>Ai de mim se eu n\u00e3o pregar o evangelho!&#8221;<\/em><\/h6>\n\n\n\n<p class=\"has-text-align-center wp-block-paragraph\">1 Cor\u00edntios 9.16<\/p>\n<\/div><\/div>\n\n\n\n<div style=\"height:35px\" aria-hidden=\"true\" class=\"wp-block-spacer\"><\/div>\n\n\n\n<div class=\"wp-block-columns is-layout-flex wp-container-core-columns-is-layout-7387b849 wp-block-columns-is-layout-flex\">\n<div class=\"wp-block-column is-layout-flow wp-block-column-is-layout-flow\">\n<figure class=\"wp-block-image aligncenter size-full is-resized has-custom-border\"><a href=\"https:\/\/lpc.org.br\/curso-a-igreja-na-era-da-inteligencia-artificial\/\" target=\"_blank\" rel=\" noreferrer noopener\"><img loading=\"lazy\" decoding=\"async\" width=\"1024\" height=\"1024\" src=\"https:\/\/homilyai.com\/br\/wp-content\/uploads\/curso-ONLINE-igreja-na-era-da-IA-1x1-1-1024x1024-1.png\" alt=\"\" class=\"wp-image-810\" style=\"border-top-left-radius:30px;border-top-right-radius:30px;border-bottom-left-radius:30px;border-bottom-right-radius:30px;width:347px;height:auto\" srcset=\"https:\/\/homilyai.com\/br\/wp-content\/uploads\/curso-ONLINE-igreja-na-era-da-IA-1x1-1-1024x1024-1.png 1024w, https:\/\/homilyai.com\/br\/wp-content\/uploads\/curso-ONLINE-igreja-na-era-da-IA-1x1-1-1024x1024-1-300x300.png 300w, https:\/\/homilyai.com\/br\/wp-content\/uploads\/curso-ONLINE-igreja-na-era-da-IA-1x1-1-1024x1024-1-150x150.png 150w, https:\/\/homilyai.com\/br\/wp-content\/uploads\/curso-ONLINE-igreja-na-era-da-IA-1x1-1-1024x1024-1-768x768.png 768w\" sizes=\"auto, (max-width: 1024px) 100vw, 1024px\" \/><\/a><\/figure>\n<\/div>\n\n\n\n<div class=\"wp-block-column is-layout-flow wp-block-column-is-layout-flow\">\n<p class=\"wp-block-paragraph\"><strong>O curso online &#8211; A Igreja na Era da Intelig\u00eancia Artificial <\/strong>&#8211; foi criado para ajudar pastores, l\u00edderes, professores e equipes ministeriais a compreenderem a IA de forma equilibrada: reconhecendo seus riscos, explorando suas oportunidades e aprendendo a us\u00e1-la como ferramenta, sem substituir aquilo que \u00e9 essencial na vida crist\u00e3: a depend\u00eancia de Deus, a centralidade das Escrituras, o cuidado pastoral, a comunidade encarnada e a forma\u00e7\u00e3o de car\u00e1ter.<br><\/p>\n\n\n\n<div class=\"wp-block-uagb-buttons uagb-buttons__outer-wrap uagb-btn__default-btn uagb-btn-tablet__default-btn uagb-btn-mobile__default-btn uagb-block-5bdd3352\"><div class=\"uagb-buttons__wrap uagb-buttons-layout-wrap \">\n<div class=\"wp-block-uagb-buttons-child uagb-buttons__outer-wrap uagb-block-9a524a42 wp-block-button\"><div class=\"uagb-button__wrapper\"><a class=\"uagb-buttons-repeater wp-block-button__link\" aria-label=\"\" href=\"https:\/\/lpc.org.br\/curso-a-igreja-na-era-da-inteligencia-artificial\/\" rel=\"follow noopener\" target=\"_blank\" role=\"button\"><div class=\"uagb-button__link\">GARANTA SUA VAGA!<\/div><\/a><\/div><\/div>\n<\/div><\/div>\n<\/div>\n<\/div>\n\n\n\n<p class=\"wp-block-paragraph\"><\/p>\n","protected":false},"excerpt":{"rendered":"<p>Descubra como nossa plataforma combina o poder da intelig\u00eancia artificial com o estudo da Palavra de Deus, oferecendo conselhos, preparo de serm\u00f5es e organiza\u00e7\u00e3o de s\u00e9ries b\u00edblicas. Experimente gratuitamente e eleve a profundidade dos seus estudos teol\u00f3gicos com nossos recursos exeg\u00e9ticos e adapt\u00e1veis a qualquer teologia.<\/p>\n","protected":false},"author":1,"featured_media":0,"parent":0,"menu_order":0,"comment_status":"closed","ping_status":"closed","template":"","meta":{"pmpro_default_level":"0","_uag_custom_page_level_css":"","site-sidebar-layout":"default","site-content-layout":"","ast-site-content-layout":"default","site-content-style":"default","site-sidebar-style":"default","ast-global-header-display":"","ast-banner-title-visibility":"","ast-main-header-display":"","ast-hfb-above-header-display":"","ast-hfb-below-header-display":"","ast-hfb-mobile-header-display":"","site-post-title":"disabled","ast-breadcrumbs-content":"","ast-featured-img":"","footer-sml-layout":"","ast-disable-related-posts":"","theme-transparent-header-meta":"","adv-header-id-meta":"","stick-header-meta":"","header-above-stick-meta":"","header-main-stick-meta":"","header-below-stick-meta":"","astra-migrate-meta-layouts":"default","ast-page-background-enabled":"default","ast-page-background-meta":{"desktop":{"background-color":"var(--ast-global-color-4)","background-image":"","background-repeat":"repeat","background-position":"center center","background-size":"auto","background-attachment":"scroll","background-type":"","background-media":"","overlay-type":"","overlay-color":"","overlay-opacity":"","overlay-gradient":""},"tablet":{"background-color":"","background-image":"","background-repeat":"repeat","background-position":"center center","background-size":"auto","background-attachment":"scroll","background-type":"","background-media":"","overlay-type":"","overlay-color":"","overlay-opacity":"","overlay-gradient":""},"mobile":{"background-color":"","background-image":"","background-repeat":"repeat","background-position":"center center","background-size":"auto","background-attachment":"scroll","background-type":"","background-media":"","overlay-type":"","overlay-color":"","overlay-opacity":"","overlay-gradient":""}},"ast-content-background-meta":{"desktop":{"background-color":"var(--ast-global-color-5)","background-image":"","background-repeat":"repeat","background-position":"center center","background-size":"auto","background-attachment":"scroll","background-type":"","background-media":"","overlay-type":"","overlay-color":"","overlay-opacity":"","overlay-gradient":""},"tablet":{"background-color":"var(--ast-global-color-5)","background-image":"","background-repeat":"repeat","background-position":"center center","background-size":"auto","background-attachment":"scroll","background-type":"","background-media":"","overlay-type":"","overlay-color":"","overlay-opacity":"","overlay-gradient":""},"mobile":{"background-color":"var(--ast-global-color-5)","background-image":"","background-repeat":"repeat","background-position":"center center","background-size":"auto","background-attachment":"scroll","background-type":"","background-media":"","overlay-type":"","overlay-color":"","overlay-opacity":"","overlay-gradient":""}},"wpai_generated_summary":"","wpai_meta_description":"","footnotes":""},"class_list":["post-384","page","type-page","status-publish","hentry","pmpro-has-access"],"uagb_featured_image_src":{"full":false,"thumbnail":false,"medium":false,"medium_large":false,"large":false,"1536x1536":false,"2048x2048":false},"uagb_author_info":{"display_name":"lucaspedro","author_link":"https:\/\/homilyai.com\/br\/author\/lucaspedro\/"},"uagb_comment_info":0,"uagb_excerpt":"Descubra como nossa plataforma combina o poder da intelig\u00eancia artificial com o estudo da Palavra de Deus, oferecendo conselhos, preparo de serm\u00f5es e organiza\u00e7\u00e3o de s\u00e9ries b\u00edblicas. Experimente gratuitamente e eleve a profundidade dos seus estudos teol\u00f3gicos com nossos recursos exeg\u00e9ticos e adapt\u00e1veis a qualquer teologia.","_links":{"self":[{"href":"https:\/\/homilyai.com\/br\/wp-json\/wp\/v2\/pages\/384","targetHints":{"allow":["GET"]}}],"collection":[{"href":"https:\/\/homilyai.com\/br\/wp-json\/wp\/v2\/pages"}],"about":[{"href":"https:\/\/homilyai.com\/br\/wp-json\/wp\/v2\/types\/page"}],"author":[{"embeddable":true,"href":"https:\/\/homilyai.com\/br\/wp-json\/wp\/v2\/users\/1"}],"replies":[{"embeddable":true,"href":"https:\/\/homilyai.com\/br\/wp-json\/wp\/v2\/comments?post=384"}],"version-history":[{"count":72,"href":"https:\/\/homilyai.com\/br\/wp-json\/wp\/v2\/pages\/384\/revisions"}],"predecessor-version":[{"id":908,"href":"https:\/\/homilyai.com\/br\/wp-json\/wp\/v2\/pages\/384\/revisions\/908"}],"wp:attachment":[{"href":"https:\/\/homilyai.com\/br\/wp-json\/wp\/v2\/media?parent=384"}],"curies":[{"name":"wp","href":"https:\/\/api.w.org\/{rel}","templated":true}]}}